{"id":20,"date":"2021-03-13T04:14:30","date_gmt":"2021-03-13T04:14:30","guid":{"rendered":"https:\/\/export.themeruby.com\/tf01\/tutorial\/?page_id=20"},"modified":"2026-01-07T02:29:36","modified_gmt":"2026-01-07T02:29:36","slug":"home-tutorial","status":"publish","type":"page","link":"https:\/\/revistavalorenegocios.com\/","title":{"rendered":"Revista Valor e Neg\u00f3cios"},"content":{"rendered":"\t\t<div data-elementor-type=\"wp-page\" data-elementor-id=\"20\" class=\"elementor elementor-20\">\n\t\t\t\t\t\t<section class=\"elementor-section elementor-top-section elementor-element elementor-element-da23e4e elementor-section-boxed elementor-section-height-default elementor-section-height-default\" data-id=\"da23e4e\" data-element_type=\"section\" data-settings=\"{&quot;background_background&quot;:&quot;classic&quot;,&quot;shape_divider_bottom&quot;:&quot;pyramids&quot;}\">\n\t\t\t\t\t<div class=\"elementor-shape elementor-shape-bottom\" aria-hidden=\"true\" data-negative=\"false\">\n\t\t\t<svg xmlns=\"http:\/\/www.w3.org\/2000\/svg\" viewBox=\"0 0 1000 100\" preserveAspectRatio=\"none\">\n\t<path class=\"elementor-shape-fill\" d=\"M761.9,44.1L643.1,27.2L333.8,98L0,3.8V0l1000,0v3.9\"\/>\n<\/svg>\t\t<\/div>\n\t\t\t\t\t<div class=\"elementor-container elementor-column-gap-custom\">\n\t\t\t\t\t<div class=\"elementor-column elementor-col-50 elementor-top-column elementor-element elementor-element-c190a6a\" data-id=\"c190a6a\" data-element_type=\"column\">\n\t\t\t<div class=\"elementor-widget-wrap elementor-element-populated\">\n\t\t\t\t\t\t<div class=\"elementor-element elementor-element-3be4165 elementor-widget elementor-widget-foxiz-grid-1\" data-id=\"3be4165\" data-element_type=\"widget\" data-widget_type=\"foxiz-grid-1.default\">\n\t\t\t\t<div class=\"elementor-widget-container\">\n\t\t\t\t\t<div id=\"uid_3be4165\" class=\"block-wrap block-grid block-grid-1 rb-columns rb-col-1 rb-tcol-1 rb-mcol-1 is-gap-20 ecat-bg-2 meta-s-\"><div class=\"block-inner\">\t\t<div class=\"p-wrap p-grid p-grid-1\" data-pid=\"5442\">\r\n\t\t\t\t<div class=\"feat-holder overlay-text\">\r\n\t\t\t\t\t\t<div class=\"p-featured\">\r\n\t\t\t\t\t<a class=\"p-flink\" href=\"https:\/\/revistavalorenegocios.com\/?p=5442\" title=\"Receita paga lote da malha fina do Imposto de Renda nesta quinta-feira\">\r\n\t\t\t<img loading=\"lazy\" decoding=\"async\" width=\"860\" height=\"515\" src=\"https:\/\/revistavalorenegocios.com\/wp-content\/uploads\/2026\/04\/whatsapp_image_2026-03-16_at_16.06.34-1-860x515.webp\" class=\"featured-img wp-post-image\" alt=\"\" loading=\"lazy\" \/>\t\t<\/a>\r\n\t\t\t\t<\/div>\r\n\t<div class=\"p-categories p-top\"><a class=\"p-category category-id-133\" href=\"https:\/\/revistavalorenegocios.com\/?cat=133\" rel=\"category\">Destaque<\/a><\/div>\t\t\t<\/div>\r\n\t\t<h2 class=\"entry-title\">\t\t<a class=\"p-url\" href=\"https:\/\/revistavalorenegocios.com\/?p=5442\" rel=\"bookmark\">Receita paga lote da malha fina do Imposto de Renda nesta quinta-feira<\/a><\/h2>\t\t\t<div class=\"p-meta\">\r\n\t\t\t\t<div class=\"meta-inner is-meta\">\r\n\t\t\t\t\t\t\t<a class=\"meta-el meta-avatar\" href=\"https:\/\/revistavalorenegocios.com\/?author=3\"><img alt='Reda\u00e7\u00e3o' src='https:\/\/secure.gravatar.com\/avatar\/bd2bca638ca5dc9dd8e5eaed781c913d06c0481b0a1511d61d6c1779cce7879d?s=44&#038;d=mm&#038;r=g' srcset='https:\/\/secure.gravatar.com\/avatar\/bd2bca638ca5dc9dd8e5eaed781c913d06c0481b0a1511d61d6c1779cce7879d?s=88&#038;d=mm&#038;r=g 2x' class='avatar avatar-44 photo' height='44' width='44' \/><\/a>\r\n\t\t<span class=\"meta-el meta-author\">\r\n\t\t\t\t<a href=\"https:\/\/revistavalorenegocios.com\/?author=3\">Reda\u00e7\u00e3o<\/a>\r\n\t\t\t\t<\/span>\r\n\t\t\t\t<span class=\"meta-el meta-read\">3 Min Read<\/span>\r\n\t\t\t\t\t\t<\/div>\r\n\t\t\t\t\t\t\t<\/div>\r\n\t\t\t\t<\/div>\r\n\t<\/div><\/div>\t\t\t\t<\/div>\n\t\t\t\t<\/div>\n\t\t\t\t\t<\/div>\n\t\t<\/div>\n\t\t\t\t<div class=\"elementor-column elementor-col-50 elementor-top-column elementor-element elementor-element-19544bf\" data-id=\"19544bf\" data-element_type=\"column\">\n\t\t\t<div class=\"elementor-widget-wrap elementor-element-populated\">\n\t\t\t\t\t\t<div class=\"elementor-element elementor-element-3acb221 elementor-widget elementor-widget-foxiz-list-small-2\" data-id=\"3acb221\" data-element_type=\"widget\" data-widget_type=\"foxiz-list-small-2.default\">\n\t\t\t\t<div class=\"elementor-widget-container\">\n\t\t\t\t\t<div id=\"uid_3acb221\" class=\"block-wrap block-small block-list block-list-small-2 rb-columns rb-col-1 rb-tcol-1 is-feat-left meta-s-\"><div class=\"block-inner\">\t\t<div class=\"p-wrap p-small p-list-small-2\" data-pid=\"5442\">\r\n\t\t\t\t<div class=\"feat-holder\">\t\t<div class=\"p-featured ratio-v1\">\r\n\t\t\t\t\t<a class=\"p-flink\" href=\"https:\/\/revistavalorenegocios.com\/?p=5442\" title=\"Receita paga lote da malha fina do Imposto de Renda nesta quinta-feira\">\r\n\t\t\t<img loading=\"lazy\" decoding=\"async\" width=\"420\" height=\"280\" src=\"https:\/\/revistavalorenegocios.com\/wp-content\/uploads\/2026\/04\/whatsapp_image_2026-03-16_at_16.06.34-1-420x280.webp\" class=\"featured-img wp-post-image\" alt=\"\" loading=\"lazy\" \/>\t\t<\/a>\r\n\t\t\t\t<\/div>\r\n\t<\/div>\r\n\t\t\t\t<div class=\"p-content\">\r\n\t\t\t<h5 class=\"entry-title\">\t\t<a class=\"p-url\" href=\"https:\/\/revistavalorenegocios.com\/?p=5442\" rel=\"bookmark\">Receita paga lote da malha fina do Imposto de Renda nesta quinta-feira<\/a><\/h5>\t\t\t<div class=\"p-meta\">\r\n\t\t\t\t<div class=\"meta-inner is-meta\">\r\n\t\t\t\t\t\t\t<a class=\"meta-el meta-avatar\" href=\"https:\/\/revistavalorenegocios.com\/?author=3\"><img alt='Reda\u00e7\u00e3o' src='https:\/\/secure.gravatar.com\/avatar\/bd2bca638ca5dc9dd8e5eaed781c913d06c0481b0a1511d61d6c1779cce7879d?s=44&#038;d=mm&#038;r=g' srcset='https:\/\/secure.gravatar.com\/avatar\/bd2bca638ca5dc9dd8e5eaed781c913d06c0481b0a1511d61d6c1779cce7879d?s=88&#038;d=mm&#038;r=g 2x' class='avatar avatar-44 photo' height='44' width='44' \/><\/a>\r\n\t\t<span class=\"meta-el meta-author\">\r\n\t\t\t\t<a href=\"https:\/\/revistavalorenegocios.com\/?author=3\">Reda\u00e7\u00e3o<\/a>\r\n\t\t\t\t<\/span>\r\n\t\t\t\t<span class=\"meta-el meta-read\">3 Min Read<\/span>\r\n\t\t\t\t\t\t<\/div>\r\n\t\t\t\t\t\t\t<\/div>\r\n\t\t\t\t<\/div>\r\n\t\t\t\t<\/div>\r\n\t\t\t<div class=\"p-wrap p-small p-list-small-2\" data-pid=\"5439\">\r\n\t\t\t\t<div class=\"feat-holder\">\t\t<div class=\"p-featured ratio-v1\">\r\n\t\t\t\t\t<a class=\"p-flink\" href=\"https:\/\/revistavalorenegocios.com\/?p=5439\" title=\"Copom decide Selic em meio a guerra e infla\u00e7\u00e3o acelerando\">\r\n\t\t\t<img loading=\"lazy\" decoding=\"async\" width=\"420\" height=\"280\" src=\"https:\/\/revistavalorenegocios.com\/wp-content\/uploads\/2026\/04\/banco_central_economia_0413202009-1-420x280.webp\" class=\"featured-img wp-post-image\" alt=\"\" loading=\"lazy\" \/>\t\t<\/a>\r\n\t\t\t\t<\/div>\r\n\t<\/div>\r\n\t\t\t\t<div class=\"p-content\">\r\n\t\t\t<h5 class=\"entry-title\">\t\t<a class=\"p-url\" href=\"https:\/\/revistavalorenegocios.com\/?p=5439\" rel=\"bookmark\">Copom decide Selic em meio a guerra e infla\u00e7\u00e3o acelerando<\/a><\/h5>\t\t\t<div class=\"p-meta\">\r\n\t\t\t\t<div class=\"meta-inner is-meta\">\r\n\t\t\t\t\t\t\t<a class=\"meta-el meta-avatar\" href=\"https:\/\/revistavalorenegocios.com\/?author=3\"><img alt='Reda\u00e7\u00e3o' src='https:\/\/secure.gravatar.com\/avatar\/bd2bca638ca5dc9dd8e5eaed781c913d06c0481b0a1511d61d6c1779cce7879d?s=44&#038;d=mm&#038;r=g' srcset='https:\/\/secure.gravatar.com\/avatar\/bd2bca638ca5dc9dd8e5eaed781c913d06c0481b0a1511d61d6c1779cce7879d?s=88&#038;d=mm&#038;r=g 2x' class='avatar avatar-44 photo' height='44' width='44' \/><\/a>\r\n\t\t<span class=\"meta-el meta-author\">\r\n\t\t\t\t<a href=\"https:\/\/revistavalorenegocios.com\/?author=3\">Reda\u00e7\u00e3o<\/a>\r\n\t\t\t\t<\/span>\r\n\t\t\t\t<span class=\"meta-el meta-read\">6 Min Read<\/span>\r\n\t\t\t\t\t\t<\/div>\r\n\t\t\t\t\t\t\t<\/div>\r\n\t\t\t\t<\/div>\r\n\t\t\t\t<\/div>\r\n\t\t\t<div class=\"p-wrap p-small p-list-small-2\" data-pid=\"5436\">\r\n\t\t\t\t<div class=\"feat-holder\">\t\t<div class=\"p-featured ratio-v1\">\r\n\t\t\t\t\t<a class=\"p-flink\" href=\"https:\/\/revistavalorenegocios.com\/?p=5436\" title=\"Embraer registra aumento de 22% em pedidos no primeiro trimestre\">\r\n\t\t\t<img loading=\"lazy\" decoding=\"async\" width=\"420\" height=\"280\" src=\"https:\/\/revistavalorenegocios.com\/wp-content\/uploads\/2026\/04\/embraer_0-420x280.webp\" class=\"featured-img wp-post-image\" alt=\"\" loading=\"lazy\" \/>\t\t<\/a>\r\n\t\t\t\t<\/div>\r\n\t<\/div>\r\n\t\t\t\t<div class=\"p-content\">\r\n\t\t\t<h5 class=\"entry-title\">\t\t<a class=\"p-url\" href=\"https:\/\/revistavalorenegocios.com\/?p=5436\" rel=\"bookmark\">Embraer registra aumento de 22% em pedidos no primeiro trimestre<\/a><\/h5>\t\t\t<div class=\"p-meta\">\r\n\t\t\t\t<div class=\"meta-inner is-meta\">\r\n\t\t\t\t\t\t\t<a class=\"meta-el meta-avatar\" href=\"https:\/\/revistavalorenegocios.com\/?author=3\"><img alt='Reda\u00e7\u00e3o' src='https:\/\/secure.gravatar.com\/avatar\/bd2bca638ca5dc9dd8e5eaed781c913d06c0481b0a1511d61d6c1779cce7879d?s=44&#038;d=mm&#038;r=g' srcset='https:\/\/secure.gravatar.com\/avatar\/bd2bca638ca5dc9dd8e5eaed781c913d06c0481b0a1511d61d6c1779cce7879d?s=88&#038;d=mm&#038;r=g 2x' class='avatar avatar-44 photo' height='44' width='44' \/><\/a>\r\n\t\t<span class=\"meta-el meta-author\">\r\n\t\t\t\t<a href=\"https:\/\/revistavalorenegocios.com\/?author=3\">Reda\u00e7\u00e3o<\/a>\r\n\t\t\t\t<\/span>\r\n\t\t\t\t<span class=\"meta-el meta-read\">2 Min Read<\/span>\r\n\t\t\t\t\t\t<\/div>\r\n\t\t\t\t\t\t\t<\/div>\r\n\t\t\t\t<\/div>\r\n\t\t\t\t<\/div>\r\n\t\t\t<div class=\"p-wrap p-small p-list-small-2\" data-pid=\"5433\">\r\n\t\t\t\t<div class=\"feat-holder\">\t\t<div class=\"p-featured ratio-v1\">\r\n\t\t\t\t\t<a class=\"p-flink\" href=\"https:\/\/revistavalorenegocios.com\/?p=5433\" title=\"ANP aprova estudos sobre bloco no pr\u00e9-sal da Bacia de Santos\">\r\n\t\t\t<img loading=\"lazy\" decoding=\"async\" width=\"420\" height=\"280\" src=\"https:\/\/revistavalorenegocios.com\/wp-content\/uploads\/2026\/04\/trbr9401-420x280.jpg\" class=\"featured-img wp-post-image\" alt=\"\" loading=\"lazy\" \/>\t\t<\/a>\r\n\t\t\t\t<\/div>\r\n\t<\/div>\r\n\t\t\t\t<div class=\"p-content\">\r\n\t\t\t<h5 class=\"entry-title\">\t\t<a class=\"p-url\" href=\"https:\/\/revistavalorenegocios.com\/?p=5433\" rel=\"bookmark\">ANP aprova estudos sobre bloco no pr\u00e9-sal da Bacia de Santos<\/a><\/h5>\t\t\t<div class=\"p-meta\">\r\n\t\t\t\t<div class=\"meta-inner is-meta\">\r\n\t\t\t\t\t\t\t<a class=\"meta-el meta-avatar\" href=\"https:\/\/revistavalorenegocios.com\/?author=3\"><img alt='Reda\u00e7\u00e3o' src='https:\/\/secure.gravatar.com\/avatar\/bd2bca638ca5dc9dd8e5eaed781c913d06c0481b0a1511d61d6c1779cce7879d?s=44&#038;d=mm&#038;r=g' srcset='https:\/\/secure.gravatar.com\/avatar\/bd2bca638ca5dc9dd8e5eaed781c913d06c0481b0a1511d61d6c1779cce7879d?s=88&#038;d=mm&#038;r=g 2x' class='avatar avatar-44 photo' height='44' width='44' \/><\/a>\r\n\t\t<span class=\"meta-el meta-author\">\r\n\t\t\t\t<a href=\"https:\/\/revistavalorenegocios.com\/?author=3\">Reda\u00e7\u00e3o<\/a>\r\n\t\t\t\t<\/span>\r\n\t\t\t\t<span class=\"meta-el meta-read\">2 Min Read<\/span>\r\n\t\t\t\t\t\t<\/div>\r\n\t\t\t\t\t\t\t<\/div>\r\n\t\t\t\t<\/div>\r\n\t\t\t\t<\/div>\r\n\t<\/div><\/div>\t\t\t\t<\/div>\n\t\t\t\t<\/div>\n\t\t\t\t\t<\/div>\n\t\t<\/div>\n\t\t\t\t\t<\/div>\n\t\t<\/section>\n\t\t\t\t<section class=\"elementor-section elementor-top-section elementor-element elementor-element-eec28a5 elementor-section-boxed elementor-section-height-default elementor-section-height-default\" data-id=\"eec28a5\" data-element_type=\"section\" data-settings=\"{&quot;shape_divider_top&quot;:&quot;opacity-tilt&quot;}\">\n\t\t\t\t\t<div class=\"elementor-shape elementor-shape-top\" aria-hidden=\"true\" data-negative=\"false\">\n\t\t\t<svg xmlns=\"http:\/\/www.w3.org\/2000\/svg\" viewBox=\"0 0 2600 131.1\" preserveAspectRatio=\"none\">\n\t<path class=\"elementor-shape-fill\" d=\"M0 0L2600 0 2600 69.1 0 0z\"\/>\n\t<path class=\"elementor-shape-fill\" style=\"opacity:0.5\" d=\"M0 0L2600 0 2600 69.1 0 69.1z\"\/>\n\t<path class=\"elementor-shape-fill\" style=\"opacity:0.25\" d=\"M2600 0L0 0 0 130.1 2600 69.1z\"\/>\n<\/svg>\t\t<\/div>\n\t\t\t\t\t<div class=\"elementor-container elementor-column-gap-custom\">\n\t\t\t\t\t<div class=\"elementor-column elementor-col-100 elementor-top-column elementor-element elementor-element-ffa197b\" data-id=\"ffa197b\" data-element_type=\"column\">\n\t\t\t<div class=\"elementor-widget-wrap elementor-element-populated\">\n\t\t\t\t\t\t<div class=\"elementor-element elementor-element-3b56548 elementor-widget elementor-widget-image\" data-id=\"3b56548\" data-element_type=\"widget\" data-widget_type=\"image.default\">\n\t\t\t\t<div class=\"elementor-widget-container\">\n\t\t\t\t\t\t\t\t\t\t\t\t\t\t\t<img loading=\"lazy\" loading=\"lazy\" decoding=\"async\" width=\"728\" height=\"90\" src=\"https:\/\/revistavalorenegocios.com\/wp-content\/uploads\/2025\/09\/Banner-728x90-1.png\" class=\"attachment-large size-large wp-image-4956\" alt=\"\" \/>\t\t\t\t\t\t\t\t\t\t\t\t\t\t\t<\/div>\n\t\t\t\t<\/div>\n\t\t\t\t<div class=\"elementor-element elementor-element-c1fa994 elementor-widget elementor-widget-foxiz-heading\" data-id=\"c1fa994\" data-element_type=\"widget\" data-widget_type=\"foxiz-heading.default\">\n\t\t\t\t<div class=\"elementor-widget-container\">\n\t\t\t\t\t<div id=\"uid_c1fa994\" class=\"block-h heading-layout-9\"><div class=\"heading-inner\"><h2 class=\"heading-title\"><a class=\"h-link\" href=\"#\">N\u00e3o perca<\/a><\/h2><div class=\"heading-tagline h6\"><a class=\"heading-tagline-label\" href=\"#\">Ver mais publica\u00e7\u00f5es<\/a><i class=\"rbi rbi-cright heading-tagline-icon\" aria-hidden=\"true\"><\/i><\/div><\/div><\/div>\t\t\t\t<\/div>\n\t\t\t\t<\/div>\n\t\t\t\t<div class=\"elementor-element elementor-element-635bfe3 elementor-widget elementor-widget-foxiz-grid-1\" data-id=\"635bfe3\" data-element_type=\"widget\" data-widget_type=\"foxiz-grid-1.default\">\n\t\t\t\t<div class=\"elementor-widget-container\">\n\t\t\t\t\t<div id=\"uid_635bfe3\" class=\"block-wrap block-grid block-grid-1 is-hoz-scroll rb-columns rb-col-4 is-gap-20 ecat-bg-2 meta-s-\"><div class=\"block-inner\">\t\t<div class=\"p-wrap p-grid p-grid-1\" data-pid=\"5442\">\r\n\t\t\t\t<div class=\"feat-holder overlay-text\">\r\n\t\t\t\t\t\t<div class=\"p-featured\">\r\n\t\t\t\t\t<a class=\"p-flink\" href=\"https:\/\/revistavalorenegocios.com\/?p=5442\" title=\"Receita paga lote da malha fina do Imposto de Renda nesta quinta-feira\">\r\n\t\t\t<img loading=\"lazy\" decoding=\"async\" width=\"420\" height=\"280\" src=\"https:\/\/revistavalorenegocios.com\/wp-content\/uploads\/2026\/04\/whatsapp_image_2026-03-16_at_16.06.34-1-420x280.webp\" class=\"featured-img wp-post-image\" alt=\"\" loading=\"lazy\" \/>\t\t<\/a>\r\n\t\t\t\t<\/div>\r\n\t<div class=\"p-categories p-top\"><a class=\"p-category category-id-133\" href=\"https:\/\/revistavalorenegocios.com\/?cat=133\" rel=\"category\">Destaque<\/a><\/div>\t\t\t<\/div>\r\n\t\t<h4 class=\"entry-title\">\t\t<a class=\"p-url\" href=\"https:\/\/revistavalorenegocios.com\/?p=5442\" rel=\"bookmark\">Receita paga lote da malha fina do Imposto de Renda nesta quinta-feira<\/a><\/h4>\t\t\t<div class=\"p-meta\">\r\n\t\t\t\t<div class=\"meta-inner is-meta\">\r\n\t\t\t\t\t\t\t<span class=\"meta-el meta-read\">3 Min Read<\/span>\r\n\t\t\t\t\t\t<\/div>\r\n\t\t\t\t\t\t\t<\/div>\r\n\t\t\t\t<\/div>\r\n\t\t\t<div class=\"p-wrap p-grid p-grid-1\" data-pid=\"5439\">\r\n\t\t\t\t<div class=\"feat-holder overlay-text\">\r\n\t\t\t\t\t\t<div class=\"p-featured\">\r\n\t\t\t\t\t<a class=\"p-flink\" href=\"https:\/\/revistavalorenegocios.com\/?p=5439\" title=\"Copom decide Selic em meio a guerra e infla\u00e7\u00e3o acelerando\">\r\n\t\t\t<img loading=\"lazy\" decoding=\"async\" width=\"420\" height=\"280\" src=\"https:\/\/revistavalorenegocios.com\/wp-content\/uploads\/2026\/04\/banco_central_economia_0413202009-1-420x280.webp\" class=\"featured-img wp-post-image\" alt=\"\" loading=\"lazy\" \/>\t\t<\/a>\r\n\t\t\t\t<\/div>\r\n\t<div class=\"p-categories p-top\"><a class=\"p-category category-id-133\" href=\"https:\/\/revistavalorenegocios.com\/?cat=133\" rel=\"category\">Destaque<\/a><\/div>\t\t\t<\/div>\r\n\t\t<h4 class=\"entry-title\">\t\t<a class=\"p-url\" href=\"https:\/\/revistavalorenegocios.com\/?p=5439\" rel=\"bookmark\">Copom decide Selic em meio a guerra e infla\u00e7\u00e3o acelerando<\/a><\/h4>\t\t\t<div class=\"p-meta\">\r\n\t\t\t\t<div class=\"meta-inner is-meta\">\r\n\t\t\t\t\t\t\t<span class=\"meta-el meta-read\">6 Min Read<\/span>\r\n\t\t\t\t\t\t<\/div>\r\n\t\t\t\t\t\t\t<\/div>\r\n\t\t\t\t<\/div>\r\n\t\t\t<div class=\"p-wrap p-grid p-grid-1\" data-pid=\"5433\">\r\n\t\t\t\t<div class=\"feat-holder overlay-text\">\r\n\t\t\t\t\t\t<div class=\"p-featured\">\r\n\t\t\t\t\t<a class=\"p-flink\" href=\"https:\/\/revistavalorenegocios.com\/?p=5433\" title=\"ANP aprova estudos sobre bloco no pr\u00e9-sal da Bacia de Santos\">\r\n\t\t\t<img loading=\"lazy\" decoding=\"async\" width=\"420\" height=\"280\" src=\"https:\/\/revistavalorenegocios.com\/wp-content\/uploads\/2026\/04\/trbr9401-420x280.jpg\" class=\"featured-img wp-post-image\" alt=\"\" loading=\"lazy\" \/>\t\t<\/a>\r\n\t\t\t\t<\/div>\r\n\t<div class=\"p-categories p-top\"><a class=\"p-category category-id-133\" href=\"https:\/\/revistavalorenegocios.com\/?cat=133\" rel=\"category\">Destaque<\/a><\/div>\t\t\t<\/div>\r\n\t\t<h4 class=\"entry-title\">\t\t<a class=\"p-url\" href=\"https:\/\/revistavalorenegocios.com\/?p=5433\" rel=\"bookmark\">ANP aprova estudos sobre bloco no pr\u00e9-sal da Bacia de Santos<\/a><\/h4>\t\t\t<div class=\"p-meta\">\r\n\t\t\t\t<div class=\"meta-inner is-meta\">\r\n\t\t\t\t\t\t\t<span class=\"meta-el meta-read\">2 Min Read<\/span>\r\n\t\t\t\t\t\t<\/div>\r\n\t\t\t\t\t\t\t<\/div>\r\n\t\t\t\t<\/div>\r\n\t\t\t<div class=\"p-wrap p-grid p-grid-1\" data-pid=\"5429\">\r\n\t\t\t\t<div class=\"feat-holder overlay-text\">\r\n\t\t\t\t\t\t<div class=\"p-featured\">\r\n\t\t\t\t\t<a class=\"p-flink\" href=\"https:\/\/revistavalorenegocios.com\/?p=5429\" title=\"Aposentados e pensionistas do INSS come\u00e7am a receber 13\u00ba nesta sexta\">\r\n\t\t\t<img loading=\"lazy\" decoding=\"async\" width=\"420\" height=\"280\" src=\"https:\/\/revistavalorenegocios.com\/wp-content\/uploads\/2026\/04\/real_moeda_020120a84t47455214-420x280.webp\" class=\"featured-img wp-post-image\" alt=\"\" loading=\"lazy\" \/>\t\t<\/a>\r\n\t\t\t\t<\/div>\r\n\t<div class=\"p-categories p-top\"><a class=\"p-category category-id-133\" href=\"https:\/\/revistavalorenegocios.com\/?cat=133\" rel=\"category\">Destaque<\/a><\/div>\t\t\t<\/div>\r\n\t\t<h4 class=\"entry-title\">\t\t<a class=\"p-url\" href=\"https:\/\/revistavalorenegocios.com\/?p=5429\" rel=\"bookmark\">Aposentados e pensionistas do INSS come\u00e7am a receber 13\u00ba nesta sexta<\/a><\/h4>\t\t\t<div class=\"p-meta\">\r\n\t\t\t\t<div class=\"meta-inner is-meta\">\r\n\t\t\t\t\t\t\t<span class=\"meta-el meta-read\">3 Min Read<\/span>\r\n\t\t\t\t\t\t<\/div>\r\n\t\t\t\t\t\t\t<\/div>\r\n\t\t\t\t<\/div>\r\n\t<\/div><\/div>\t\t\t\t<\/div>\n\t\t\t\t<\/div>\n\t\t\t\t\t<\/div>\n\t\t<\/div>\n\t\t\t\t\t<\/div>\n\t\t<\/section>\n\t\t\t\t<section class=\"elementor-section elementor-top-section elementor-element elementor-element-4a01885 elementor-section-boxed elementor-section-height-default elementor-section-height-default\" data-id=\"4a01885\" data-element_type=\"section\">\n\t\t\t\t\t\t<div class=\"elementor-container elementor-column-gap-custom\">\n\t\t\t\t\t<div class=\"elementor-column elementor-col-100 elementor-top-column elementor-element elementor-element-831fb6a\" data-id=\"831fb6a\" data-element_type=\"column\">\n\t\t\t<div class=\"elementor-widget-wrap elementor-element-populated\">\n\t\t\t\t\t\t<div class=\"elementor-element elementor-element-219b47d elementor-widget elementor-widget-foxiz-heading\" data-id=\"219b47d\" data-element_type=\"widget\" data-widget_type=\"foxiz-heading.default\">\n\t\t\t\t<div class=\"elementor-widget-container\">\n\t\t\t\t\t<div id=\"uid_219b47d\" class=\"block-h heading-layout-9\"><div class=\"heading-inner\"><h2 class=\"heading-title\"><a class=\"h-link\" href=\"#\">Energia<\/a><\/h2><div class=\"heading-tagline h6\"><a class=\"heading-tagline-label\" href=\"#\">Mais publica\u00e7\u00f5es<\/a><i class=\"rbi rbi-cright heading-tagline-icon\" aria-hidden=\"true\"><\/i><\/div><\/div><\/div>\t\t\t\t<\/div>\n\t\t\t\t<\/div>\n\t\t\t\t<div class=\"elementor-element elementor-element-bbc17a3 elementor-widget elementor-widget-foxiz-grid-1\" data-id=\"bbc17a3\" data-element_type=\"widget\" data-widget_type=\"foxiz-grid-1.default\">\n\t\t\t\t<div class=\"elementor-widget-container\">\n\t\t\t\t\t<div id=\"uid_bbc17a3\" class=\"block-wrap block-grid block-grid-1 is-hoz-scroll rb-columns rb-col-4 is-gap-20 ecat-bg-2 meta-s-\"><div class=\"block-inner\">\t\t<div class=\"p-wrap p-grid p-grid-1\" data-pid=\"4802\">\r\n\t\t\t\t<div class=\"feat-holder overlay-text\">\r\n\t\t\t\t\t\t<div class=\"p-featured\">\r\n\t\t\t\t\t<a class=\"p-flink\" href=\"https:\/\/revistavalorenegocios.com\/?p=4802\" title=\"ONS determina aumento do uso de t\u00e9rmicas para garantir energia\">\r\n\t\t\t<img loading=\"lazy\" decoding=\"async\" width=\"615\" height=\"410\" src=\"https:\/\/revistavalorenegocios.com\/wp-content\/uploads\/2025\/07\/ons_brasilia_vac_abr_0806220297-615x410.webp\" class=\"featured-img wp-post-image\" alt=\"\" loading=\"lazy\" \/>\t\t<\/a>\r\n\t\t\t\t<\/div>\r\n\t<div class=\"p-categories p-top\"><a class=\"p-category category-id-132\" href=\"https:\/\/revistavalorenegocios.com\/?cat=132\" rel=\"category\">Energia<\/a><\/div>\t\t\t<\/div>\r\n\t\t<h4 class=\"entry-title\">\t\t<a class=\"p-url\" href=\"https:\/\/revistavalorenegocios.com\/?p=4802\" rel=\"bookmark\">ONS determina aumento do uso de t\u00e9rmicas para garantir energia<\/a><\/h4>\t\t\t<div class=\"p-meta\">\r\n\t\t\t\t<div class=\"meta-inner is-meta\">\r\n\t\t\t\t\t\t\t<span class=\"meta-el meta-read\">2 Min Read<\/span>\r\n\t\t\t\t\t\t<\/div>\r\n\t\t\t\t\t\t\t<\/div>\r\n\t\t\t\t<\/div>\r\n\t\t\t<div class=\"p-wrap p-grid p-grid-1\" data-pid=\"4633\">\r\n\t\t\t\t<div class=\"feat-holder overlay-text\">\r\n\t\t\t\t\t\t<div class=\"p-featured\">\r\n\t\t\t\t\t<a class=\"p-flink\" href=\"https:\/\/revistavalorenegocios.com\/?p=4633\" title=\"Conta de energia el\u00e9trica permanecer\u00e1 sem cobran\u00e7a extra em mar\u00e7o\">\r\n\t\t\t<img loading=\"lazy\" decoding=\"async\" width=\"615\" height=\"410\" src=\"https:\/\/revistavalorenegocios.com\/wp-content\/uploads\/2025\/03\/conta_de_energia_mcajr_abr2907221111-615x410.webp\" class=\"featured-img wp-post-image\" alt=\"\" loading=\"lazy\" \/>\t\t<\/a>\r\n\t\t\t\t<\/div>\r\n\t<div class=\"p-categories p-top\"><a class=\"p-category category-id-132\" href=\"https:\/\/revistavalorenegocios.com\/?cat=132\" rel=\"category\">Energia<\/a><\/div>\t\t\t<\/div>\r\n\t\t<h4 class=\"entry-title\">\t\t<a class=\"p-url\" href=\"https:\/\/revistavalorenegocios.com\/?p=4633\" rel=\"bookmark\">Conta de energia el\u00e9trica permanecer\u00e1 sem cobran\u00e7a extra em mar\u00e7o<\/a><\/h4>\t\t\t<div class=\"p-meta\">\r\n\t\t\t\t<div class=\"meta-inner is-meta\">\r\n\t\t\t\t\t\t\t<span class=\"meta-el meta-read\">1 Min Read<\/span>\r\n\t\t\t\t\t\t<\/div>\r\n\t\t\t\t\t\t\t<\/div>\r\n\t\t\t\t<\/div>\r\n\t\t\t<div class=\"p-wrap p-grid p-grid-1\" data-pid=\"2581\">\r\n\t\t\t\t<div class=\"feat-holder overlay-text\">\r\n\t\t\t\t\t\t<div class=\"p-featured\">\r\n\t\t\t\t\t<a class=\"p-flink\" href=\"https:\/\/revistavalorenegocios.com\/?p=2581\" title=\"Consumo de eletricidade do pa\u00eds aumenta 7,3% no primeiro trimestre\">\r\n\t\t\t<img loading=\"lazy\" decoding=\"async\" width=\"615\" height=\"410\" src=\"https:\/\/revistavalorenegocios.com\/wp-content\/uploads\/2024\/06\/energia_eletrica_interruptor_de_luz_energia070720211247-615x410.webp\" class=\"featured-img wp-post-image\" alt=\"\" loading=\"lazy\" \/>\t\t<\/a>\r\n\t\t\t\t<\/div>\r\n\t<div class=\"p-categories p-top\"><a class=\"p-category category-id-132\" href=\"https:\/\/revistavalorenegocios.com\/?cat=132\" rel=\"category\">Energia<\/a><\/div>\t\t\t<\/div>\r\n\t\t<h4 class=\"entry-title\">\t\t<a class=\"p-url\" href=\"https:\/\/revistavalorenegocios.com\/?p=2581\" rel=\"bookmark\">Consumo de eletricidade do pa\u00eds aumenta 7,3% no primeiro trimestre<\/a><\/h4>\t\t\t<div class=\"p-meta\">\r\n\t\t\t\t<div class=\"meta-inner is-meta\">\r\n\t\t\t\t\t\t\t<span class=\"meta-el meta-read\">2 Min Read<\/span>\r\n\t\t\t\t\t\t<\/div>\r\n\t\t\t\t\t\t\t<\/div>\r\n\t\t\t\t<\/div>\r\n\t\t\t<div class=\"p-wrap p-grid p-grid-1\" data-pid=\"2553\">\r\n\t\t\t\t<div class=\"feat-holder overlay-text\">\r\n\t\t\t\t\t\t<div class=\"p-featured\">\r\n\t\t\t\t\t<a class=\"p-flink\" href=\"https:\/\/revistavalorenegocios.com\/?p=2553\" title=\"Grandes usinas solares igualam capacidade da hidrel\u00e9trica de Itaipu\">\r\n\t\t\t<img loading=\"lazy\" decoding=\"async\" width=\"615\" height=\"410\" src=\"https:\/\/revistavalorenegocios.com\/wp-content\/uploads\/2024\/06\/placas_energia_solar_1-615x410.webp\" class=\"featured-img wp-post-image\" alt=\"\" loading=\"lazy\" \/>\t\t<\/a>\r\n\t\t\t\t<\/div>\r\n\t<div class=\"p-categories p-top\"><a class=\"p-category category-id-132\" href=\"https:\/\/revistavalorenegocios.com\/?cat=132\" rel=\"category\">Energia<\/a><\/div>\t\t\t<\/div>\r\n\t\t<h4 class=\"entry-title\">\t\t<a class=\"p-url\" href=\"https:\/\/revistavalorenegocios.com\/?p=2553\" rel=\"bookmark\">Grandes usinas solares igualam capacidade da hidrel\u00e9trica de Itaipu<\/a><\/h4>\t\t\t<div class=\"p-meta\">\r\n\t\t\t\t<div class=\"meta-inner is-meta\">\r\n\t\t\t\t\t\t\t<span class=\"meta-el meta-read\">3 Min Read<\/span>\r\n\t\t\t\t\t\t<\/div>\r\n\t\t\t\t\t\t\t<\/div>\r\n\t\t\t\t<\/div>\r\n\t<\/div><\/div>\t\t\t\t<\/div>\n\t\t\t\t<\/div>\n\t\t\t\t\t<\/div>\n\t\t<\/div>\n\t\t\t\t\t<\/div>\n\t\t<\/section>\n\t\t<div class=\"elementor-element elementor-element-513d207 e-flex e-con-boxed e-con e-parent\" data-id=\"513d207\" data-element_type=\"container\">\n\t\t\t\t\t<div class=\"e-con-inner\">\n\t\t\t\t\t<\/div>\n\t\t\t\t<\/div>\n\t\t\t\t<section class=\"elementor-section elementor-top-section elementor-element elementor-element-b790184 elementor-section-boxed elementor-section-height-default elementor-section-height-default\" data-id=\"b790184\" data-element_type=\"section\" data-settings=\"{&quot;background_background&quot;:&quot;classic&quot;,&quot;shape_divider_top&quot;:&quot;pyramids&quot;,&quot;shape_divider_bottom&quot;:&quot;pyramids&quot;}\">\n\t\t\t\t\t<div class=\"elementor-shape elementor-shape-top\" aria-hidden=\"true\" data-negative=\"false\">\n\t\t\t<svg xmlns=\"http:\/\/www.w3.org\/2000\/svg\" viewBox=\"0 0 1000 100\" preserveAspectRatio=\"none\">\n\t<path class=\"elementor-shape-fill\" d=\"M761.9,44.1L643.1,27.2L333.8,98L0,3.8V0l1000,0v3.9\"\/>\n<\/svg>\t\t<\/div>\n\t\t\t\t<div class=\"elementor-shape elementor-shape-bottom\" aria-hidden=\"true\" data-negative=\"false\">\n\t\t\t<svg xmlns=\"http:\/\/www.w3.org\/2000\/svg\" viewBox=\"0 0 1000 100\" preserveAspectRatio=\"none\">\n\t<path class=\"elementor-shape-fill\" d=\"M761.9,44.1L643.1,27.2L333.8,98L0,3.8V0l1000,0v3.9\"\/>\n<\/svg>\t\t<\/div>\n\t\t\t\t\t<div class=\"elementor-container elementor-column-gap-custom\">\n\t\t\t\t\t<div class=\"elementor-column elementor-col-100 elementor-top-column elementor-element elementor-element-a5d7edc\" data-id=\"a5d7edc\" data-element_type=\"column\">\n\t\t\t<div class=\"elementor-widget-wrap elementor-element-populated\">\n\t\t\t\t\t\t<div class=\"elementor-element elementor-element-e2f0dc2 elementor-widget elementor-widget-foxiz-heading\" data-id=\"e2f0dc2\" data-element_type=\"widget\" data-widget_type=\"foxiz-heading.default\">\n\t\t\t\t<div class=\"elementor-widget-container\">\n\t\t\t\t\t<div id=\"uid_e2f0dc2\" class=\"block-h heading-layout-9\"><div class=\"heading-inner\"><h2 class=\"heading-title\"><a class=\"h-link\" href=\"#\">Brasil<\/a><\/h2><div class=\"heading-tagline h6\"><a class=\"heading-tagline-label\" href=\"#\">Mais Publica\u00f5es<\/a><i class=\"rbi rbi-cright heading-tagline-icon\" aria-hidden=\"true\"><\/i><\/div><\/div><\/div>\t\t\t\t<\/div>\n\t\t\t\t<\/div>\n\t\t\t\t<div class=\"elementor-element elementor-element-0beae71 elementor-widget elementor-widget-foxiz-list-1\" data-id=\"0beae71\" data-element_type=\"widget\" data-widget_type=\"foxiz-list-1.default\">\n\t\t\t\t<div class=\"elementor-widget-container\">\n\t\t\t\t\t<div id=\"uid_0beae71\" class=\"block-wrap block-big block-list block-list-1 rb-columns rb-col-2 rb-tcol-1 rb-mcol-1 is-gap-custom ecat-bg-2 is-feat-right is-m-list res-feat-right meta-s-\"><div class=\"block-inner\">\t\t<div class=\"p-wrap p-list p-list-1\" data-pid=\"4967\">\r\n\t\t\t<div class=\"list-holder\">\r\n\t\t\t<div class=\"list-feat-holder\">\r\n\t\t\t\t\t\t\t<div class=\"feat-holder overlay-text\">\r\n\t\t\t\t\t\t<div class=\"p-featured\">\r\n\t\t\t\t\t<a class=\"p-flink\" href=\"https:\/\/revistavalorenegocios.com\/?p=4967\" title=\"Toyota anuncia retomada de produ\u00e7\u00e3o no Brasil a partir de novembro\">\r\n\t\t\t<img loading=\"lazy\" decoding=\"async\" width=\"615\" height=\"410\" src=\"https:\/\/revistavalorenegocios.com\/wp-content\/uploads\/2025\/10\/destruicao_da_fabrica_da_toyota_em_porto_feliz_-615x410.webp\" class=\"featured-img wp-post-image\" alt=\"\" loading=\"lazy\" \/>\t\t<\/a>\r\n\t\t\t\t<\/div>\r\n\t<div class=\"p-categories p-top\"><a class=\"p-category category-id-134\" href=\"https:\/\/revistavalorenegocios.com\/?cat=134\" rel=\"category\">Brasil<\/a><\/div>\t\t\t<\/div>\r\n\t\t\t\t\t<\/div>\r\n\t\t\t<div class=\"p-content\">\r\n\t\t\t\t<h3 class=\"entry-title\">\t\t<a class=\"p-url\" href=\"https:\/\/revistavalorenegocios.com\/?p=4967\" rel=\"bookmark\">Toyota anuncia retomada de produ\u00e7\u00e3o no Brasil a partir de novembro<\/a><\/h3>\t\t\t<div class=\"p-meta\">\r\n\t\t\t\t<div class=\"meta-inner is-meta\">\r\n\t\t\t\t\t\t\t<a class=\"meta-el meta-avatar mobile-hide\" href=\"https:\/\/revistavalorenegocios.com\/?author=3\"><img alt='Reda\u00e7\u00e3o' src='https:\/\/secure.gravatar.com\/avatar\/bd2bca638ca5dc9dd8e5eaed781c913d06c0481b0a1511d61d6c1779cce7879d?s=44&#038;d=mm&#038;r=g' srcset='https:\/\/secure.gravatar.com\/avatar\/bd2bca638ca5dc9dd8e5eaed781c913d06c0481b0a1511d61d6c1779cce7879d?s=88&#038;d=mm&#038;r=g 2x' class='avatar avatar-44 photo' height='44' width='44' \/><\/a>\r\n\t\t<span class=\"meta-el meta-author\">\r\n\t\t\t\t<a href=\"https:\/\/revistavalorenegocios.com\/?author=3\">Reda\u00e7\u00e3o<\/a>\r\n\t\t\t\t<\/span>\r\n\t\t<span class=\"meta-el meta-update mobile-last-meta\">\r\n\t\t\t\t<time class=\"updated\" datetime=\"2025-10-22T02:52:30-03:00\">22\/10\/2025<\/time>\r\n\t\t<\/span>\r\n\t\t\t\t\t\t<\/div>\r\n\t\t\t\t\t\t\t<\/div>\r\n\t\t\t\t\t<\/div>\r\n\t\t<\/div>\r\n\t\t\t\t<\/div>\r\n\t\t\t<div class=\"p-wrap p-list p-list-1\" data-pid=\"4791\">\r\n\t\t\t<div class=\"list-holder\">\r\n\t\t\t<div class=\"list-feat-holder\">\r\n\t\t\t\t\t\t\t<div class=\"feat-holder overlay-text\">\r\n\t\t\t\t\t\t<div class=\"p-featured\">\r\n\t\t\t\t\t<a class=\"p-flink\" href=\"https:\/\/revistavalorenegocios.com\/?p=4791\" title=\"Brasil poder\u00e1 ter novo recorde na produ\u00e7\u00e3o de gr\u00e3os na safra 2024\/2025\">\r\n\t\t\t<img loading=\"lazy\" decoding=\"async\" width=\"615\" height=\"410\" src=\"https:\/\/revistavalorenegocios.com\/wp-content\/uploads\/2025\/06\/51324591613_94095258f1_k-615x410.webp\" class=\"featured-img wp-post-image\" alt=\"\" loading=\"lazy\" \/>\t\t<\/a>\r\n\t\t\t\t<\/div>\r\n\t<div class=\"p-categories p-top\"><a class=\"p-category category-id-134\" href=\"https:\/\/revistavalorenegocios.com\/?cat=134\" rel=\"category\">Brasil<\/a><\/div>\t\t\t<\/div>\r\n\t\t\t\t\t<\/div>\r\n\t\t\t<div class=\"p-content\">\r\n\t\t\t\t<h3 class=\"entry-title\">\t\t<a class=\"p-url\" href=\"https:\/\/revistavalorenegocios.com\/?p=4791\" rel=\"bookmark\">Brasil poder\u00e1 ter novo recorde na produ\u00e7\u00e3o de gr\u00e3os na safra 2024\/2025<\/a><\/h3>\t\t\t<div class=\"p-meta\">\r\n\t\t\t\t<div class=\"meta-inner is-meta\">\r\n\t\t\t\t\t\t\t<a class=\"meta-el meta-avatar mobile-hide\" href=\"https:\/\/revistavalorenegocios.com\/?author=3\"><img alt='Reda\u00e7\u00e3o' src='https:\/\/secure.gravatar.com\/avatar\/bd2bca638ca5dc9dd8e5eaed781c913d06c0481b0a1511d61d6c1779cce7879d?s=44&#038;d=mm&#038;r=g' srcset='https:\/\/secure.gravatar.com\/avatar\/bd2bca638ca5dc9dd8e5eaed781c913d06c0481b0a1511d61d6c1779cce7879d?s=88&#038;d=mm&#038;r=g 2x' class='avatar avatar-44 photo' height='44' width='44' \/><\/a>\r\n\t\t<span class=\"meta-el meta-author\">\r\n\t\t\t\t<a href=\"https:\/\/revistavalorenegocios.com\/?author=3\">Reda\u00e7\u00e3o<\/a>\r\n\t\t\t\t<\/span>\r\n\t\t<span class=\"meta-el meta-update mobile-last-meta\">\r\n\t\t\t\t<time class=\"updated\" datetime=\"2025-06-12T18:36:59-03:00\">12\/06\/2025<\/time>\r\n\t\t<\/span>\r\n\t\t\t\t\t\t<\/div>\r\n\t\t\t\t\t\t\t<\/div>\r\n\t\t\t\t\t<\/div>\r\n\t\t<\/div>\r\n\t\t\t\t<\/div>\r\n\t\t\t<div class=\"p-wrap p-list p-list-1\" data-pid=\"4684\">\r\n\t\t\t<div class=\"list-holder\">\r\n\t\t\t<div class=\"list-feat-holder\">\r\n\t\t\t\t\t\t\t<div class=\"feat-holder overlay-text\">\r\n\t\t\t\t\t\t<div class=\"p-featured\">\r\n\t\t\t\t\t<a class=\"p-flink\" href=\"https:\/\/revistavalorenegocios.com\/?p=4684\" title=\"Em dois anos, pa\u00eds aumenta reciclagem de embalagens PET em 14%\">\r\n\t\t\t<img loading=\"lazy\" decoding=\"async\" width=\"615\" height=\"410\" src=\"https:\/\/revistavalorenegocios.com\/wp-content\/uploads\/2025\/03\/coopcatadoresdfrecicleavida-615x410.webp\" class=\"featured-img wp-post-image\" alt=\"\" loading=\"lazy\" \/>\t\t<\/a>\r\n\t\t\t\t<\/div>\r\n\t<div class=\"p-categories p-top\"><a class=\"p-category category-id-134\" href=\"https:\/\/revistavalorenegocios.com\/?cat=134\" rel=\"category\">Brasil<\/a><\/div>\t\t\t<\/div>\r\n\t\t\t\t\t<\/div>\r\n\t\t\t<div class=\"p-content\">\r\n\t\t\t\t<h3 class=\"entry-title\">\t\t<a class=\"p-url\" href=\"https:\/\/revistavalorenegocios.com\/?p=4684\" rel=\"bookmark\">Em dois anos, pa\u00eds aumenta reciclagem de embalagens PET em 14%<\/a><\/h3>\t\t\t<div class=\"p-meta\">\r\n\t\t\t\t<div class=\"meta-inner is-meta\">\r\n\t\t\t\t\t\t\t<a class=\"meta-el meta-avatar mobile-hide\" href=\"https:\/\/revistavalorenegocios.com\/?author=3\"><img alt='Reda\u00e7\u00e3o' src='https:\/\/secure.gravatar.com\/avatar\/bd2bca638ca5dc9dd8e5eaed781c913d06c0481b0a1511d61d6c1779cce7879d?s=44&#038;d=mm&#038;r=g' srcset='https:\/\/secure.gravatar.com\/avatar\/bd2bca638ca5dc9dd8e5eaed781c913d06c0481b0a1511d61d6c1779cce7879d?s=88&#038;d=mm&#038;r=g 2x' class='avatar avatar-44 photo' height='44' width='44' \/><\/a>\r\n\t\t<span class=\"meta-el meta-author\">\r\n\t\t\t\t<a href=\"https:\/\/revistavalorenegocios.com\/?author=3\">Reda\u00e7\u00e3o<\/a>\r\n\t\t\t\t<\/span>\r\n\t\t<span class=\"meta-el meta-update mobile-last-meta\">\r\n\t\t\t\t<time class=\"updated\" datetime=\"2025-03-28T05:27:44-03:00\">28\/03\/2025<\/time>\r\n\t\t<\/span>\r\n\t\t\t\t\t\t<\/div>\r\n\t\t\t\t\t\t\t<\/div>\r\n\t\t\t\t\t<\/div>\r\n\t\t<\/div>\r\n\t\t\t\t<\/div>\r\n\t\t\t<div class=\"p-wrap p-list p-list-1\" data-pid=\"4624\">\r\n\t\t\t<div class=\"list-holder\">\r\n\t\t\t<div class=\"list-feat-holder\">\r\n\t\t\t\t\t\t\t<div class=\"feat-holder overlay-text\">\r\n\t\t\t\t\t\t<div class=\"p-featured\">\r\n\t\t\t\t\t<a class=\"p-flink\" href=\"https:\/\/revistavalorenegocios.com\/?p=4624\" title=\"Consumidor poder\u00e1 negociar d\u00edvidas em mutir\u00e3o com 160 institui\u00e7\u00f5es\">\r\n\t\t\t<img loading=\"lazy\" decoding=\"async\" width=\"615\" height=\"410\" src=\"https:\/\/revistavalorenegocios.com\/wp-content\/uploads\/2025\/03\/img_3199-615x410.webp\" class=\"featured-img wp-post-image\" alt=\"\" loading=\"lazy\" \/>\t\t<\/a>\r\n\t\t\t\t<\/div>\r\n\t<div class=\"p-categories p-top\"><a class=\"p-category category-id-134\" href=\"https:\/\/revistavalorenegocios.com\/?cat=134\" rel=\"category\">Brasil<\/a><\/div>\t\t\t<\/div>\r\n\t\t\t\t\t<\/div>\r\n\t\t\t<div class=\"p-content\">\r\n\t\t\t\t<h3 class=\"entry-title\">\t\t<a class=\"p-url\" href=\"https:\/\/revistavalorenegocios.com\/?p=4624\" rel=\"bookmark\">Consumidor poder\u00e1 negociar d\u00edvidas em mutir\u00e3o com 160 institui\u00e7\u00f5es<\/a><\/h3>\t\t\t<div class=\"p-meta\">\r\n\t\t\t\t<div class=\"meta-inner is-meta\">\r\n\t\t\t\t\t\t\t<a class=\"meta-el meta-avatar mobile-hide\" href=\"https:\/\/revistavalorenegocios.com\/?author=3\"><img alt='Reda\u00e7\u00e3o' src='https:\/\/secure.gravatar.com\/avatar\/bd2bca638ca5dc9dd8e5eaed781c913d06c0481b0a1511d61d6c1779cce7879d?s=44&#038;d=mm&#038;r=g' srcset='https:\/\/secure.gravatar.com\/avatar\/bd2bca638ca5dc9dd8e5eaed781c913d06c0481b0a1511d61d6c1779cce7879d?s=88&#038;d=mm&#038;r=g 2x' class='avatar avatar-44 photo' height='44' width='44' \/><\/a>\r\n\t\t<span class=\"meta-el meta-author\">\r\n\t\t\t\t<a href=\"https:\/\/revistavalorenegocios.com\/?author=3\">Reda\u00e7\u00e3o<\/a>\r\n\t\t\t\t<\/span>\r\n\t\t<span class=\"meta-el meta-update mobile-last-meta\">\r\n\t\t\t\t<time class=\"updated\" datetime=\"2025-03-05T11:07:08-03:00\">05\/03\/2025<\/time>\r\n\t\t<\/span>\r\n\t\t\t\t\t\t<\/div>\r\n\t\t\t\t\t\t\t<\/div>\r\n\t\t\t\t\t<\/div>\r\n\t\t<\/div>\r\n\t\t\t\t<\/div>\r\n\t<\/div><\/div>\t\t\t\t<\/div>\n\t\t\t\t<\/div>\n\t\t\t\t<div class=\"elementor-element elementor-element-51998c0 elementor-widget elementor-widget-foxiz-ad-image\" data-id=\"51998c0\" data-element_type=\"widget\" data-widget_type=\"foxiz-ad-image.default\">\n\t\t\t\t<div class=\"elementor-widget-container\">\n\t\t\t\t\t<div class=\"ad-wrap ad-image-wrap\"><span class=\"ad-description is-meta\">- Advertisement -<\/span><div class=\"ad-image\"><img loading=\"lazy\" decoding=\"async\" src=\"https:\/\/foxiz.themeruby.com\/tus\/wp-content\/uploads\/sites\/6\/2021\/03\/fw-ad.jpg\" alt=\"Ad image\"\/><\/div><\/div>\t\t\t\t<\/div>\n\t\t\t\t<\/div>\n\t\t\t\t\t<\/div>\n\t\t<\/div>\n\t\t\t\t\t<\/div>\n\t\t<\/section>\n\t\t\t\t<section class=\"elementor-section elementor-top-section elementor-element elementor-element-bbd4d0f elementor-section-boxed elementor-section-height-default elementor-section-height-default\" data-id=\"bbd4d0f\" data-element_type=\"section\">\n\t\t\t\t\t\t<div class=\"elementor-container elementor-column-gap-custom\">\n\t\t\t\t\t<div class=\"elementor-column elementor-col-100 elementor-top-column elementor-element elementor-element-9b6a9b0\" data-id=\"9b6a9b0\" data-element_type=\"column\">\n\t\t\t<div class=\"elementor-widget-wrap elementor-element-populated\">\n\t\t\t\t\t\t<div class=\"elementor-element elementor-element-eae9e19 elementor-widget elementor-widget-foxiz-heading\" data-id=\"eae9e19\" data-element_type=\"widget\" data-widget_type=\"foxiz-heading.default\">\n\t\t\t\t<div class=\"elementor-widget-container\">\n\t\t\t\t\t<div id=\"uid_eae9e19\" class=\"block-h heading-layout-9\"><div class=\"heading-inner\"><h2 class=\"heading-title\"><a class=\"h-link\" href=\"#\">C\u00e2mbio<\/a><\/h2><div class=\"heading-tagline h6\"><a class=\"heading-tagline-label\" href=\"#\">Mais Publica\u00e7\u00f5es<\/a><i class=\"rbi rbi-cright heading-tagline-icon\" aria-hidden=\"true\"><\/i><\/div><\/div><\/div>\t\t\t\t<\/div>\n\t\t\t\t<\/div>\n\t\t\t\t<div class=\"elementor-element elementor-element-85a917e elementor-widget elementor-widget-foxiz-grid-1\" data-id=\"85a917e\" data-element_type=\"widget\" data-widget_type=\"foxiz-grid-1.default\">\n\t\t\t\t<div class=\"elementor-widget-container\">\n\t\t\t\t\t<div id=\"uid_85a917e\" class=\"block-wrap block-grid block-grid-1 rb-columns rb-col-4 rb-tcol-2 is-gap-20 ecat-bg-2 meta-s-\"><div class=\"block-inner\">\t\t<div class=\"p-wrap p-grid p-grid-1\" data-pid=\"5373\">\r\n\t\t\t\t<div class=\"feat-holder overlay-text\">\r\n\t\t\t\t\t\t<div class=\"p-featured\">\r\n\t\t\t\t\t<a class=\"p-flink\" href=\"https:\/\/revistavalorenegocios.com\/?p=5373\" title=\"Apesar de guerra, d\u00f3lar cai 1,27%, e bolsa sobe 3% na semana\">\r\n\t\t\t<img loading=\"lazy\" decoding=\"async\" width=\"615\" height=\"410\" src=\"https:\/\/revistavalorenegocios.com\/wp-content\/uploads\/2026\/03\/mca_abr_10071918653-615x410.webp\" class=\"featured-img wp-post-image\" alt=\"\" loading=\"lazy\" \/>\t\t<\/a>\r\n\t\t\t\t<\/div>\r\n\t<div class=\"p-categories p-top\"><a class=\"p-category category-id-135\" href=\"https:\/\/revistavalorenegocios.com\/?cat=135\" rel=\"category\">C\u00e2mbio<\/a><\/div>\t\t\t<\/div>\r\n\t\t<h4 class=\"entry-title\">\t\t<a class=\"p-url\" href=\"https:\/\/revistavalorenegocios.com\/?p=5373\" rel=\"bookmark\">Apesar de guerra, d\u00f3lar cai 1,27%, e bolsa sobe 3% na semana<\/a><\/h4>\t\t\t<div class=\"p-meta\">\r\n\t\t\t\t<div class=\"meta-inner is-meta\">\r\n\t\t\t\t\t\t\t<span class=\"meta-el meta-read\">3 Min Read<\/span>\r\n\t\t\t\t\t\t<\/div>\r\n\t\t\t\t\t\t\t<\/div>\r\n\t\t\t\t<\/div>\r\n\t\t\t<div class=\"p-wrap p-grid p-grid-1\" data-pid=\"5344\">\r\n\t\t\t\t<div class=\"feat-holder overlay-text\">\r\n\t\t\t\t\t\t<div class=\"p-featured\">\r\n\t\t\t\t\t<a class=\"p-flink\" href=\"https:\/\/revistavalorenegocios.com\/?p=5344\" title=\"D\u00f3lar cai 1,6% e fecha em R$ 5,23 com al\u00edvio externo\">\r\n\t\t\t<img loading=\"lazy\" decoding=\"async\" width=\"615\" height=\"410\" src=\"https:\/\/revistavalorenegocios.com\/wp-content\/uploads\/2026\/03\/2026-02-26t200758z_1_lynxmpem1p1ak_rtroptp_4_dollar-hedging-bny-615x410.webp\" class=\"featured-img wp-post-image\" alt=\"\" loading=\"lazy\" \/>\t\t<\/a>\r\n\t\t\t\t<\/div>\r\n\t<div class=\"p-categories p-top\"><a class=\"p-category category-id-135\" href=\"https:\/\/revistavalorenegocios.com\/?cat=135\" rel=\"category\">C\u00e2mbio<\/a><\/div>\t\t\t<\/div>\r\n\t\t<h4 class=\"entry-title\">\t\t<a class=\"p-url\" href=\"https:\/\/revistavalorenegocios.com\/?p=5344\" rel=\"bookmark\">D\u00f3lar cai 1,6% e fecha em R$ 5,23 com al\u00edvio externo<\/a><\/h4>\t\t\t<div class=\"p-meta\">\r\n\t\t\t\t<div class=\"meta-inner is-meta\">\r\n\t\t\t\t\t\t\t<span class=\"meta-el meta-read\">4 Min Read<\/span>\r\n\t\t\t\t\t\t<\/div>\r\n\t\t\t\t\t\t\t<\/div>\r\n\t\t\t\t<\/div>\r\n\t\t\t<div class=\"p-wrap p-grid p-grid-1\" data-pid=\"5325\">\r\n\t\t\t\t<div class=\"feat-holder overlay-text\">\r\n\t\t\t\t\t\t<div class=\"p-featured\">\r\n\t\t\t\t\t<a class=\"p-flink\" href=\"https:\/\/revistavalorenegocios.com\/?p=5325\" title=\"D\u00f3lar cai para R$ 5,16 ap\u00f3s Trump indicar poss\u00edvel fim da guerra\">\r\n\t\t\t<img loading=\"lazy\" decoding=\"async\" width=\"615\" height=\"410\" src=\"https:\/\/revistavalorenegocios.com\/wp-content\/uploads\/2026\/03\/2026-02-28t031827z_705080933_rc2pujas7bmm_rtrmadp_3_usa-trump-615x410.webp\" class=\"featured-img wp-post-image\" alt=\"\" loading=\"lazy\" \/>\t\t<\/a>\r\n\t\t\t\t<\/div>\r\n\t<div class=\"p-categories p-top\"><a class=\"p-category category-id-135\" href=\"https:\/\/revistavalorenegocios.com\/?cat=135\" rel=\"category\">C\u00e2mbio<\/a><\/div>\t\t\t<\/div>\r\n\t\t<h4 class=\"entry-title\">\t\t<a class=\"p-url\" href=\"https:\/\/revistavalorenegocios.com\/?p=5325\" rel=\"bookmark\">D\u00f3lar cai para R$ 5,16 ap\u00f3s Trump indicar poss\u00edvel fim da guerra<\/a><\/h4>\t\t\t<div class=\"p-meta\">\r\n\t\t\t\t<div class=\"meta-inner is-meta\">\r\n\t\t\t\t\t\t\t<span class=\"meta-el meta-read\">3 Min Read<\/span>\r\n\t\t\t\t\t\t<\/div>\r\n\t\t\t\t\t\t\t<\/div>\r\n\t\t\t\t<\/div>\r\n\t\t\t<div class=\"p-wrap p-grid p-grid-1\" data-pid=\"5321\">\r\n\t\t\t\t<div class=\"feat-holder overlay-text\">\r\n\t\t\t\t\t\t<div class=\"p-featured\">\r\n\t\t\t\t\t<a class=\"p-flink\" href=\"https:\/\/revistavalorenegocios.com\/?p=5321\" title=\"D\u00f3lar cai para R$ 5,24 em dia de corre\u00e7\u00e3o no mercado\">\r\n\t\t\t<img loading=\"lazy\" decoding=\"async\" width=\"615\" height=\"410\" src=\"https:\/\/revistavalorenegocios.com\/wp-content\/uploads\/2026\/03\/dolar_moeda_0803221209-1-615x410.jpg\" class=\"featured-img wp-post-image\" alt=\"\" loading=\"lazy\" \/>\t\t<\/a>\r\n\t\t\t\t<\/div>\r\n\t<div class=\"p-categories p-top\"><a class=\"p-category category-id-135\" href=\"https:\/\/revistavalorenegocios.com\/?cat=135\" rel=\"category\">C\u00e2mbio<\/a><\/div>\t\t\t<\/div>\r\n\t\t<h4 class=\"entry-title\">\t\t<a class=\"p-url\" href=\"https:\/\/revistavalorenegocios.com\/?p=5321\" rel=\"bookmark\">D\u00f3lar cai para R$ 5,24 em dia de corre\u00e7\u00e3o no mercado<\/a><\/h4>\t\t\t<div class=\"p-meta\">\r\n\t\t\t\t<div class=\"meta-inner is-meta\">\r\n\t\t\t\t\t\t\t<span class=\"meta-el meta-read\">3 Min Read<\/span>\r\n\t\t\t\t\t\t<\/div>\r\n\t\t\t\t\t\t\t<\/div>\r\n\t\t\t\t<\/div>\r\n\t\t\t<div class=\"p-wrap p-grid p-grid-1\" data-pid=\"5308\">\r\n\t\t\t\t<div class=\"feat-holder overlay-text\">\r\n\t\t\t\t\t\t<div class=\"p-featured\">\r\n\t\t\t\t\t<a class=\"p-flink\" href=\"https:\/\/revistavalorenegocios.com\/?p=5308\" title=\"D\u00f3lar sobe para R$ 5,16 ap\u00f3s escalada de conflito no Oriente M\u00e9dio\">\r\n\t\t\t<img loading=\"lazy\" decoding=\"async\" width=\"615\" height=\"410\" src=\"https:\/\/revistavalorenegocios.com\/wp-content\/uploads\/2026\/03\/dolar_moeda_0803221203-615x410.jpg\" class=\"featured-img wp-post-image\" alt=\"\" loading=\"lazy\" \/>\t\t<\/a>\r\n\t\t\t\t<\/div>\r\n\t<div class=\"p-categories p-top\"><a class=\"p-category category-id-135\" href=\"https:\/\/revistavalorenegocios.com\/?cat=135\" rel=\"category\">C\u00e2mbio<\/a><\/div>\t\t\t<\/div>\r\n\t\t<h4 class=\"entry-title\">\t\t<a class=\"p-url\" href=\"https:\/\/revistavalorenegocios.com\/?p=5308\" rel=\"bookmark\">D\u00f3lar sobe para R$ 5,16 ap\u00f3s escalada de conflito no Oriente M\u00e9dio<\/a><\/h4>\t\t\t<div class=\"p-meta\">\r\n\t\t\t\t<div class=\"meta-inner is-meta\">\r\n\t\t\t\t\t\t\t<span class=\"meta-el meta-read\">2 Min Read<\/span>\r\n\t\t\t\t\t\t<\/div>\r\n\t\t\t\t\t\t\t<\/div>\r\n\t\t\t\t<\/div>\r\n\t\t\t<div class=\"p-wrap p-grid p-grid-1\" data-pid=\"5295\">\r\n\t\t\t\t<div class=\"feat-holder overlay-text\">\r\n\t\t\t\t\t\t<div class=\"p-featured\">\r\n\t\t\t\t\t<a class=\"p-flink\" href=\"https:\/\/revistavalorenegocios.com\/?p=5295\" title=\"Bolsa bate recorde e supera os 191 mil pontos com capital externo\">\r\n\t\t\t<img loading=\"lazy\" decoding=\"async\" width=\"615\" height=\"410\" src=\"https:\/\/revistavalorenegocios.com\/wp-content\/uploads\/2026\/02\/mca_abr_24041914621-615x410.webp\" class=\"featured-img wp-post-image\" alt=\"\" loading=\"lazy\" \/>\t\t<\/a>\r\n\t\t\t\t<\/div>\r\n\t<div class=\"p-categories p-top\"><a class=\"p-category category-id-135\" href=\"https:\/\/revistavalorenegocios.com\/?cat=135\" rel=\"category\">C\u00e2mbio<\/a><\/div>\t\t\t<\/div>\r\n\t\t<h4 class=\"entry-title\">\t\t<a class=\"p-url\" href=\"https:\/\/revistavalorenegocios.com\/?p=5295\" rel=\"bookmark\">Bolsa bate recorde e supera os 191 mil pontos com capital externo<\/a><\/h4>\t\t\t<div class=\"p-meta\">\r\n\t\t\t\t<div class=\"meta-inner is-meta\">\r\n\t\t\t\t\t\t\t<span class=\"meta-el meta-read\">2 Min Read<\/span>\r\n\t\t\t\t\t\t<\/div>\r\n\t\t\t\t\t\t\t<\/div>\r\n\t\t\t\t<\/div>\r\n\t\t\t<div class=\"p-wrap p-grid p-grid-1\" data-pid=\"5292\">\r\n\t\t\t\t<div class=\"feat-holder overlay-text\">\r\n\t\t\t\t\t\t<div class=\"p-featured\">\r\n\t\t\t\t\t<a class=\"p-flink\" href=\"https:\/\/revistavalorenegocios.com\/?p=5292\" title=\"D\u00f3lar fecha em R$ 5,16 e atinge menor valor em 20 meses\">\r\n\t\t\t<img loading=\"lazy\" decoding=\"async\" width=\"615\" height=\"410\" src=\"https:\/\/revistavalorenegocios.com\/wp-content\/uploads\/2026\/02\/dolar_moeda_0803221205-615x410.webp\" class=\"featured-img wp-post-image\" alt=\"\" loading=\"lazy\" \/>\t\t<\/a>\r\n\t\t\t\t<\/div>\r\n\t<div class=\"p-categories p-top\"><a class=\"p-category category-id-135\" href=\"https:\/\/revistavalorenegocios.com\/?cat=135\" rel=\"category\">C\u00e2mbio<\/a><\/div>\t\t\t<\/div>\r\n\t\t<h4 class=\"entry-title\">\t\t<a class=\"p-url\" href=\"https:\/\/revistavalorenegocios.com\/?p=5292\" rel=\"bookmark\">D\u00f3lar fecha em R$ 5,16 e atinge menor valor em 20 meses<\/a><\/h4>\t\t\t<div class=\"p-meta\">\r\n\t\t\t\t<div class=\"meta-inner is-meta\">\r\n\t\t\t\t\t\t\t<span class=\"meta-el meta-read\">2 Min Read<\/span>\r\n\t\t\t\t\t\t<\/div>\r\n\t\t\t\t\t\t\t<\/div>\r\n\t\t\t\t<\/div>\r\n\t\t\t<div class=\"p-wrap p-grid p-grid-1\" data-pid=\"5283\">\r\n\t\t\t\t<div class=\"feat-holder overlay-text\">\r\n\t\t\t\t\t\t<div class=\"p-featured\">\r\n\t\t\t\t\t<a class=\"p-flink\" href=\"https:\/\/revistavalorenegocios.com\/?p=5283\" title=\"D\u00f3lar sobe para R$ 5,24 em meio a tens\u00f5es entre EUA e Ir\u00e3\">\r\n\t\t\t<img loading=\"lazy\" decoding=\"async\" width=\"615\" height=\"410\" src=\"https:\/\/revistavalorenegocios.com\/wp-content\/uploads\/2026\/02\/dolar_moeda_0803221209-615x410.jpg\" class=\"featured-img wp-post-image\" alt=\"\" loading=\"lazy\" \/>\t\t<\/a>\r\n\t\t\t\t<\/div>\r\n\t<div class=\"p-categories p-top\"><a class=\"p-category category-id-135\" href=\"https:\/\/revistavalorenegocios.com\/?cat=135\" rel=\"category\">C\u00e2mbio<\/a><\/div>\t\t\t<\/div>\r\n\t\t<h4 class=\"entry-title\">\t\t<a class=\"p-url\" href=\"https:\/\/revistavalorenegocios.com\/?p=5283\" rel=\"bookmark\">D\u00f3lar sobe para R$ 5,24 em meio a tens\u00f5es entre EUA e Ir\u00e3<\/a><\/h4>\t\t\t<div class=\"p-meta\">\r\n\t\t\t\t<div class=\"meta-inner is-meta\">\r\n\t\t\t\t\t\t\t<span class=\"meta-el meta-read\">2 Min Read<\/span>\r\n\t\t\t\t\t\t<\/div>\r\n\t\t\t\t\t\t\t<\/div>\r\n\t\t\t\t<\/div>\r\n\t<\/div>\t\t<div class=\"pagination-wrap pagination-nextprev\">\r\n\t\t\t<a href=\"#\" class=\"pagination-trigger ajax-prev is-disable\" data-type=\"prev\"><i class=\"rbi rbi-angle-left\" aria-hidden=\"true\"><\/i><span>Previous<\/span><\/a>\r\n\t\t\t<a href=\"#\" class=\"pagination-trigger ajax-next\" data-type=\"next\"><span>Next<\/span><i class=\"rbi rbi-angle-right\" aria-hidden=\"true\"><\/i><\/a>\r\n\t\t<\/div>\r\n\t\t<\/div>\t\t\t\t<\/div>\n\t\t\t\t<\/div>\n\t\t\t\t\t<\/div>\n\t\t<\/div>\n\t\t\t\t\t<\/div>\n\t\t<\/section>\n\t\t\t\t<\/div>\n\t\t","protected":false},"excerpt":{"rendered":"<p>edit Economia Governo Central registra d\u00e9ficit de R$ 20,2 bilh\u00f5es em novembro Reda\u00e7\u00e3o 5 Min Read edit Governo Central registra d\u00e9ficit de R$ 20,2 bilh\u00f5es em novembro Reda\u00e7\u00e3o 5 Min Read edit R\u00e9veillon do Rio pode injetar R$ 3,34 bilh\u00f5es na economia da cidade Reda\u00e7\u00e3o 2 Min Read edit Receita abre consulta a lote residual [&hellip;]<\/p>\n","protected":false},"author":2,"featured_media":2633,"parent":0,"menu_order":0,"comment_status":"closed","ping_status":"closed","template":"elementor_header_footer","meta":{"footnotes":""},"class_list":["post-20","page","type-page","status-publish","has-post-thumbnail"],"_links":{"self":[{"href":"https:\/\/revistavalorenegocios.com\/index.php?rest_route=\/wp\/v2\/pages\/20","targetHints":{"allow":["GET"]}}],"collection":[{"href":"https:\/\/revistavalorenegocios.com\/index.php?rest_route=\/wp\/v2\/pages"}],"about":[{"href":"https:\/\/revistavalorenegocios.com\/index.php?rest_route=\/wp\/v2\/types\/page"}],"author":[{"embeddable":true,"href":"https:\/\/revistavalorenegocios.com\/index.php?rest_route=\/wp\/v2\/users\/2"}],"replies":[{"embeddable":true,"href":"https:\/\/revistavalorenegocios.com\/index.php?rest_route=%2Fwp%2Fv2%2Fcomments&post=20"}],"version-history":[{"count":98,"href":"https:\/\/revistavalorenegocios.com\/index.php?rest_route=\/wp\/v2\/pages\/20\/revisions"}],"predecessor-version":[{"id":5093,"href":"https:\/\/revistavalorenegocios.com\/index.php?rest_route=\/wp\/v2\/pages\/20\/revisions\/5093"}],"wp:featuredmedia":[{"embeddable":true,"href":"https:\/\/revistavalorenegocios.com\/index.php?rest_route=\/wp\/v2\/media\/2633"}],"wp:attachment":[{"href":"https:\/\/revistavalorenegocios.com\/index.php?rest_route=%2Fwp%2Fv2%2Fmedia&parent=20"}],"curies":[{"name":"wp","href":"https:\/\/api.w.org\/{rel}","templated":true}]}}